{"id":736,"date":"2022-08-31T20:26:55","date_gmt":"2022-08-31T18:26:55","guid":{"rendered":"https:\/\/adeona-avocats.com\/?page_id=736"},"modified":"2023-06-15T11:47:03","modified_gmt":"2023-06-15T09:47:03","slug":"legal-notices","status":"publish","type":"page","link":"https:\/\/adeona-avocats.com\/en\/legal-notices\/","title":{"rendered":"Legal notices"},"content":{"rendered":"\r\n<section id=\"adeona-block_b16ac1621ed0ec358ee86a0f51eb0b64\" class=\"space size-140 \"><\/section>\r\n\r\n\n\n\r\n<section id=\"adeona-block_887e408933537925e976ac3c596aaf08\" class=\"content-simple\">\r\n\r\n    <div class=\"container container\">\r\n        <p><!-- wp:paragraph --><\/p>\n<p><strong>Informations l\u00e9gales et conditions g\u00e9n\u00e9rales d\u2019utilisation<\/strong><\/p>\n<p>&nbsp;<\/p>\n<p><!-- \/wp:spacer --> <!-- wp:paragraph --><\/p>\n<p><strong>1. Pr\u00e9sentation du Site<\/strong><\/p>\n<p><!-- \/wp:paragraph --> <!-- wp:paragraph --><\/p>\n<p>En vertu de l\u2019article 6 de la loi n\u00b0 2004-575 du 21 juin 2004 pour la confiance dans l\u2019\u00e9conomie num\u00e9rique, il est pr\u00e9cis\u00e9 aux utilisateurs du site Internet accessible \u00e0 partir de l\u2019adresse URL www.adeona-avocats.com appartenant \u00e0 l\u2019Association d\u2019Avocats \u00e0 Responsabilit\u00e9 Individuelle Adeona Avocats, enregistr\u00e9e sous le num\u00e9ro 919 617 688 (le \u00ab Site \u00bb) l\u2019identit\u00e9 des diff\u00e9rents intervenants dans le cadre de sa r\u00e9alisation et de son suivi :<\/p>\n<p><!-- \/wp:paragraph --> <!-- wp:paragraph --><\/p>\n<p>Propri\u00e9taires : Adeona Avocats AARPI &#8211; Toque E.1400 &#8211; Barreau de Paris<\/p>\n<p><!-- \/wp:paragraph --> <!-- wp:paragraph --><\/p>\n<p>Cr\u00e9ateurs : Andy &amp; Antoine<\/p>\n<p><!-- \/wp:paragraph --> <!-- wp:paragraph --><\/p>\n<p>Responsables de Publication : Chlo\u00e9 Rezlan et Laura Ballester<\/p>\n<p><!-- \/wp:paragraph --> <!-- wp:paragraph --><\/p>\n<p>Webmaster : Andy Camicci<\/p>\n<p><!-- \/wp:paragraph --> <!-- wp:paragraph --><\/p>\n<p>Photographe\u00a0: Alexis Aulagnier<\/p>\n<p><!-- \/wp:paragraph --> <!-- wp:paragraph --><\/p>\n<p>H\u00e9bergeur : OVH, Soci\u00e9t\u00e9 anonyme simplifi\u00e9e au capital de 10 069 020 Euros, dont le si\u00e8ge social est situ\u00e9 2 rue Kellermann 59100 Roubaix, immatricul\u00e9e au Registre du Commerce et des Soci\u00e9t\u00e9s de Tourcoing sous le num\u00e9ro 424 761 419 00045 et dont le num\u00e9ro de t\u00e9l\u00e9phone est le 09 72 10 10 07.<\/p>\n<p>&nbsp;<\/p>\n<p><strong>2. Conditions g\u00e9n\u00e9rales d\u2019utilisation du Site et des services propos\u00e9s<\/strong><\/p>\n<p><!-- \/wp:paragraph --> <!-- wp:paragraph --><\/p>\n<p>L\u2019utilisation du Site en qualit\u00e9 d\u2019utilisateur implique l\u2019acceptation pleine et enti\u00e8re des conditions g\u00e9n\u00e9rales d\u2019utilisation ci-apr\u00e8s d\u00e9crites. En utilisant et en parcourant le Site vous acceptez de vous conformer aux pr\u00e9sentes conditions g\u00e9n\u00e9rales d\u2019utilisation que vous reconnaissez avoir lues, comprises et accept\u00e9es dans leur int\u00e9gralit\u00e9.<\/p>\n<p><!-- \/wp:paragraph --> <!-- wp:paragraph --><\/p>\n<p>Si vous refusez d\u2019accepter ces conditions g\u00e9n\u00e9rales d\u2019utilisation, nous vous remercions de ne pas parcourir le Site et de ne proc\u00e9der \u00e0 aucun t\u00e9l\u00e9chargement d\u2019\u00e9l\u00e9ments y figurant.<\/p>\n<p><!-- \/wp:paragraph --> <!-- wp:paragraph --><\/p>\n<p>Ces conditions d\u2019utilisation sont susceptibles d\u2019\u00eatre modifi\u00e9es ou compl\u00e9t\u00e9es \u00e0 tout moment et sans pr\u00e9avis, les utilisateurs du Site sont donc invit\u00e9s \u00e0 les consulter de mani\u00e8re r\u00e9guli\u00e8re.<\/p>\n<p><!-- \/wp:paragraph --> <!-- wp:paragraph --><\/p>\n<p>Le Site est normalement accessible \u00e0 tout moment aux utilisateurs pour un usage strictement personnel. Vous vous engagez \u00e0 ne pas utiliser le Site et les informations ou donn\u00e9es qui y figurent \u00e0 des fins commerciales, politiques, publicitaires et pour toute forme de sollicitation commerciale et notamment l\u2019envoi de courriers \u00e9lectroniques non sollicit\u00e9s.<\/p>\n<p><!-- \/wp:paragraph --> <!-- wp:paragraph --><\/p>\n<p>Une interruption pour raison de maintenance technique peut \u00eatre toutefois d\u00e9cid\u00e9e par le Propri\u00e9taire du Site, qui communiquera, dans la mesure du possible, pr\u00e9alablement aux utilisateurs les dates et heures de l\u2019intervention.<\/p>\n<p><!-- \/wp:paragraph --> <!-- wp:paragraph --><\/p>\n<p>Le Site est mis \u00e0 jour r\u00e9guli\u00e8rement par les Responsables de Publication du Site. De la m\u00eame fa\u00e7on, les mentions l\u00e9gales du Site peuvent \u00eatre modifi\u00e9es \u00e0 tout moment : elles s\u2019imposent n\u00e9anmoins \u00e0 l\u2019utilisateur qui est invit\u00e9 \u00e0 s\u2019y r\u00e9f\u00e9rer le plus souvent possible afin d\u2019en prendre connaissance.<\/p>\n<p>&nbsp;<\/p>\n<p><strong>3. Description des services fournis<\/strong><\/p>\n<p><!-- \/wp:paragraph --> <!-- wp:paragraph --><\/p>\n<p>Le Site a pour objet de fournir une information concernant l\u2019ensemble des activit\u00e9s du Propri\u00e9taire du Site.<\/p>\n<p><!-- \/wp:paragraph --> <!-- wp:paragraph --><\/p>\n<p>Le Propri\u00e9taire du Site s\u2019efforce de fournir sur le Site des informations aussi pr\u00e9cises que possible.<\/p>\n<p><!-- \/wp:paragraph --> <!-- wp:paragraph --><\/p>\n<p>Toutefois, il ne pourra \u00eatre tenu responsable des \u00e9ventuelles omissions, inexactitudes et carences dans la mise \u00e0 jour du Site, qu\u2019elles soient de son fait ou du fait des tiers partenaires qui lui fournissent ces informations.<\/p>\n<p><!-- \/wp:paragraph --> <!-- wp:paragraph --><\/p>\n<p>En aucun cas les informations ou les \u00e9l\u00e9ments figurant sur le Site ne constituent un acte de conseil juridique, un d\u00e9marchage, une sollicitation et\/ou une offre de services de quelque nature que ce soit.<\/p>\n<p><!-- \/wp:paragraph --> <!-- wp:paragraph --><\/p>\n<p>Toutes les informations indiqu\u00e9es sur le Site sont donn\u00e9es \u00e0 titre indicatif, et sont susceptibles d\u2019\u00e9voluer. Par ailleurs, les renseignements figurant sur le Site ne sont pas exhaustifs.<\/p>\n<p><!-- \/wp:paragraph --> <!-- wp:paragraph --><\/p>\n<p>Ils sont donn\u00e9s \u00e0 titre indicatif et informatif et restent sous r\u00e9serve de toutes \u00e9ventuelles modifications qui auraient \u00e9t\u00e9 apport\u00e9es depuis leur mise en ligne.<\/p>\n<p>&nbsp;<\/p>\n<p><strong>4. Limitations contractuelles sur les donn\u00e9es techniques<\/strong><\/p>\n<p><!-- \/wp:paragraph --> <!-- wp:paragraph --><\/p>\n<p>Le Site utilise la technologie WordPress.<\/p>\n<p><!-- \/wp:paragraph --> <!-- wp:paragraph --><\/p>\n<p>Le Propri\u00e9taire du Site ne saurait en aucun cas \u00eatre tenu responsable d\u2019un quelconque dommage mat\u00e9riel li\u00e9 \u00e0 la consultation ou \u00e0 l\u2019utilisation du Site. De plus, l\u2019utilisateur du Site s\u2019engage \u00e0 acc\u00e9der au Site en utilisant un mat\u00e9riel r\u00e9cent, ne contenant pas de virus et avec un navigateur de derni\u00e8re g\u00e9n\u00e9ration mis-\u00e0-jour.<\/p>\n<p>&nbsp;<\/p>\n<p><strong>5. Propri\u00e9t\u00e9 intellectuelle et contrefa\u00e7ons<\/strong><\/p>\n<p><!-- \/wp:paragraph --> <!-- wp:paragraph --><\/p>\n<p>Le Propri\u00e9taire du Site est propri\u00e9taire des droits de propri\u00e9t\u00e9 intellectuelle ou d\u00e9tient les droits d\u2019usage sur tous les \u00e9l\u00e9ments accessibles sur le Site, notamment les textes, images, graphismes, logo, ic\u00f4nes, base de donn\u00e9es, etc.<\/p>\n<p><!-- \/wp:paragraph --> <!-- wp:paragraph --><\/p>\n<p>Toute reproduction, repr\u00e9sentation, modification, publication, extraction, r\u00e9utilisation, adaptation, traduction de tout ou partie des \u00e9l\u00e9ments du Site, \u00e0 titre on\u00e9reux ou gratuit, quel que soit le moyen ou le proc\u00e9d\u00e9 utilis\u00e9, est interdite, sauf autorisation \u00e9crite pr\u00e9alable du Propri\u00e9taire du Site.<\/p>\n<p><!-- \/wp:paragraph --> <!-- wp:paragraph --><\/p>\n<p>Toute exploitation non autoris\u00e9e du Site ou de l\u2019un quelconque des \u00e9l\u00e9ments constitue une contrefa\u00e7on et pourra \u00eatre poursuivie et engager la responsabilit\u00e9 civile et\/ou p\u00e9nale du contrefacteur.<\/p>\n<p><!-- \/wp:paragraph --> <!-- wp:paragraph --><\/p>\n<p>De m\u00eame, la mise en place de liens hypertextes vers toute autre page que la page d\u2019accueil du Site n\u00e9cessite l\u2019autorisation \u00e9crite pr\u00e9alable du Propri\u00e9taire du Site.<\/p>\n<p><!-- \/wp:paragraph --> <!-- wp:paragraph --><\/p>\n<p>En cas de contenu litigieux d\u00e9tect\u00e9 par l\u2019utilisateur du Site, ce dernier peut contacter le Propri\u00e9taire du Site \u00e0 l\u2019adresse contact@adeona-avocats.com, pour faire valoir tout motif l\u00e9gitime.<\/p>\n<p>&nbsp;<\/p>\n<p><strong>6. Limitations de responsabilit\u00e9<\/strong><\/p>\n<p><!-- \/wp:paragraph --> <!-- wp:paragraph --><\/p>\n<p>Le Propri\u00e9taire du Site ne pourra pas non plus \u00eatre tenu responsable des dommages indirects (tels par exemple qu\u2019une perte de march\u00e9 ou perte d\u2019une chance) cons\u00e9cutifs \u00e0 l\u2019acc\u00e8s, l\u2019utilisation ou la consultation du Site et pour quelque cause que ce soit en ce qui concerne notamment :<\/p>\n<p><!-- \/wp:paragraph --> <!-- wp:list --><\/p>\n<ul>\n<li>le manque de performances du Site ;<\/li>\n<li>la perte de donn\u00e9es ou de services r\u00e9sultant de la non-tenue de d\u00e9lais, de la modification, de la suspension ou de l\u2019interruption de ses services ;<\/li>\n<li>l\u2019apparition d\u2019un bug ou d\u2019une incompatibilit\u00e9 ;<\/li>\n<li>l\u2019exactitude, de la qualit\u00e9 ou de la nature des informations obtenues par le biais de ses services ;<\/li>\n<li>les cons\u00e9quences d\u00e9coulant directement ou indirectement de la transmission de virus par le biais de ses serveurs ;<\/li>\n<li>l\u2019interruption de service du Site motiv\u00e9e par des op\u00e9rations de maintenance ou par les comportements d\u2019utilisateurs du Site ;<\/li>\n<li>l\u2019inaccessibilit\u00e9 au Site ;<\/li>\n<li>la contamination des mat\u00e9riels informatiques ou li\u00e9s de l\u2019utilisateur r\u00e9sultant de la propagation d\u2019un virus ou autres infections informatiques ; ou<\/li>\n<li>des dommages r\u00e9sultant d\u2019une intrusion frauduleuse d\u2019un tiers ayant entra\u00een\u00e9 une modification des informations diffus\u00e9es sur le Site.<\/li>\n<\/ul>\n<p><!-- \/wp:list --> <!-- wp:spacer {\"height\":\"26px\"} --><\/p>\n<p>&nbsp;<\/p>\n<p><strong>7. Droit applicable et attribution de juridiction<\/strong><\/p>\n<p><!-- \/wp:paragraph --> <!-- wp:paragraph --><\/p>\n<p>Tout litige en relation avec l\u2019utilisation du Site est soumis au droit fran\u00e7ais. Il est fait attribution exclusive de juridiction aux tribunaux comp\u00e9tents de Paris.<\/p>\n<p><!-- \/wp:paragraph --> <!-- wp:paragraph --><\/p>\n<p>Dans l\u2019\u00e9ventualit\u00e9 o\u00f9 une quelconque de ces dispositions des conditions g\u00e9n\u00e9rales d\u2019utilisation serait d\u00e9clar\u00e9e nulle ou sans effet, une telle disposition devra \u00eatre interpr\u00e9t\u00e9e de mani\u00e8re \u00e0 refl\u00e9ter au mieux les intentions des parties et les dispositions restantes seront consid\u00e9r\u00e9es comme applicables de plein droit.<\/p>\n<p><!-- \/wp:paragraph --> <!-- wp:paragraph --><\/p>\n<p>La non-application ou l\u2019absence de revendication de l\u2019application par le Propri\u00e9taire du Site d\u2019une quelconque de ces dispositions des conditions g\u00e9n\u00e9rales d\u2019utilisation ou de l\u2019un quelconque droit ne saurait en aucun cas \u00eatre interpr\u00e9t\u00e9e comme une renonciation par lui auxdites dispositions ou aux auxdits droits.<\/p>\n<p>&nbsp;<\/p>\n<p><strong>8. Design &amp; D\u00e9veloppement<\/strong><\/p>\n<p><!-- \/wp:paragraph --> <!-- wp:paragraph --><\/p>\n<p>Le site Internet a \u00e9t\u00e9 d\u00e9sign\u00e9 et d\u00e9velopp\u00e9 par Andy &amp; Antoine.<\/p>\n<p><!-- \/wp:paragraph --><\/p>\n    <\/div>\r\n   \r\n    \r\n<\/section>\n\n\r\n<section id=\"adeona-block_b16ac1621ed0ec358ee86a0f51eb0b64\" class=\"space size-140 \"><\/section>\r\n\r\n","protected":false},"excerpt":{"rendered":"","protected":false},"author":1,"featured_media":0,"parent":0,"menu_order":0,"comment_status":"closed","ping_status":"closed","template":"","meta":{"_acf_changed":false,"footnotes":""},"class_list":["post-736","page","type-page","status-publish","hentry"],"acf":[],"yoast_head":"<!-- This site is optimized with the Yoast SEO plugin v27.5 - https:\/\/yoast.com\/product\/yoast-seo-wordpress\/ -->\n<title>Legal notices - Adeona Avocat.e.s<\/title>\n<meta name=\"robots\" content=\"index, follow, max-snippet:-1, max-image-preview:large, max-video-preview:-1\" \/>\n<link rel=\"canonical\" href=\"https:\/\/adeona-avocats.com\/en\/legal-notices\/\" \/>\n<meta property=\"og:locale\" content=\"en_US\" \/>\n<meta property=\"og:type\" content=\"article\" \/>\n<meta property=\"og:title\" content=\"Legal notices - Adeona Avocat.e.s\" \/>\n<meta property=\"og:url\" content=\"https:\/\/adeona-avocats.com\/en\/legal-notices\/\" \/>\n<meta property=\"og:site_name\" content=\"Adeona Avocat.e.s\" \/>\n<meta property=\"article:modified_time\" content=\"2023-06-15T09:47:03+00:00\" \/>\n<meta name=\"twitter:card\" content=\"summary_large_image\" \/>\n<script type=\"application\/ld+json\" class=\"yoast-schema-graph\">{\"@context\":\"https:\\\/\\\/schema.org\",\"@graph\":[{\"@type\":\"WebPage\",\"@id\":\"https:\\\/\\\/adeona-avocats.com\\\/en\\\/legal-notices\\\/\",\"url\":\"https:\\\/\\\/adeona-avocats.com\\\/en\\\/legal-notices\\\/\",\"name\":\"Legal notices - Adeona Avocat.e.s\",\"isPartOf\":{\"@id\":\"https:\\\/\\\/adeona-avocats.com\\\/#website\"},\"datePublished\":\"2022-08-31T18:26:55+00:00\",\"dateModified\":\"2023-06-15T09:47:03+00:00\",\"breadcrumb\":{\"@id\":\"https:\\\/\\\/adeona-avocats.com\\\/en\\\/legal-notices\\\/#breadcrumb\"},\"inLanguage\":\"en-US\",\"potentialAction\":[{\"@type\":\"ReadAction\",\"target\":[\"https:\\\/\\\/adeona-avocats.com\\\/en\\\/legal-notices\\\/\"]}]},{\"@type\":\"BreadcrumbList\",\"@id\":\"https:\\\/\\\/adeona-avocats.com\\\/en\\\/legal-notices\\\/#breadcrumb\",\"itemListElement\":[{\"@type\":\"ListItem\",\"position\":1,\"name\":\"Home\",\"item\":\"https:\\\/\\\/adeona-avocats.com\\\/en\\\/\"},{\"@type\":\"ListItem\",\"position\":2,\"name\":\"Legal notices\"}]},{\"@type\":\"WebSite\",\"@id\":\"https:\\\/\\\/adeona-avocats.com\\\/#website\",\"url\":\"https:\\\/\\\/adeona-avocats.com\\\/\",\"name\":\"Adeona Avocat.e.s\",\"description\":\"Un site utilisant WordPress\",\"publisher\":{\"@id\":\"https:\\\/\\\/adeona-avocats.com\\\/#organization\"},\"potentialAction\":[{\"@type\":\"SearchAction\",\"target\":{\"@type\":\"EntryPoint\",\"urlTemplate\":\"https:\\\/\\\/adeona-avocats.com\\\/?s={search_term_string}\"},\"query-input\":{\"@type\":\"PropertyValueSpecification\",\"valueRequired\":true,\"valueName\":\"search_term_string\"}}],\"inLanguage\":\"en-US\"},{\"@type\":\"Organization\",\"@id\":\"https:\\\/\\\/adeona-avocats.com\\\/#organization\",\"name\":\"Adeona Avocat.e.s\",\"url\":\"https:\\\/\\\/adeona-avocats.com\\\/\",\"logo\":{\"@type\":\"ImageObject\",\"inLanguage\":\"en-US\",\"@id\":\"https:\\\/\\\/adeona-avocats.com\\\/#\\\/schema\\\/logo\\\/image\\\/\",\"url\":\"https:\\\/\\\/adeona-avocats.com\\\/wp-content\\\/uploads\\\/2022\\\/09\\\/adeona-avocat-e-s-logo.svg\",\"contentUrl\":\"https:\\\/\\\/adeona-avocats.com\\\/wp-content\\\/uploads\\\/2022\\\/09\\\/adeona-avocat-e-s-logo.svg\",\"width\":1,\"height\":1,\"caption\":\"Adeona Avocat.e.s\"},\"image\":{\"@id\":\"https:\\\/\\\/adeona-avocats.com\\\/#\\\/schema\\\/logo\\\/image\\\/\"},\"sameAs\":[\"https:\\\/\\\/www.linkedin.com\\\/company\\\/adeona-avocats\"]}]}<\/script>\n<!-- \/ Yoast SEO plugin. -->","yoast_head_json":{"title":"Legal notices - Adeona Avocat.e.s","robots":{"index":"index","follow":"follow","max-snippet":"max-snippet:-1","max-image-preview":"max-image-preview:large","max-video-preview":"max-video-preview:-1"},"canonical":"https:\/\/adeona-avocats.com\/en\/legal-notices\/","og_locale":"en_US","og_type":"article","og_title":"Legal notices - Adeona Avocat.e.s","og_url":"https:\/\/adeona-avocats.com\/en\/legal-notices\/","og_site_name":"Adeona Avocat.e.s","article_modified_time":"2023-06-15T09:47:03+00:00","twitter_card":"summary_large_image","schema":{"@context":"https:\/\/schema.org","@graph":[{"@type":"WebPage","@id":"https:\/\/adeona-avocats.com\/en\/legal-notices\/","url":"https:\/\/adeona-avocats.com\/en\/legal-notices\/","name":"Legal notices - Adeona Avocat.e.s","isPartOf":{"@id":"https:\/\/adeona-avocats.com\/#website"},"datePublished":"2022-08-31T18:26:55+00:00","dateModified":"2023-06-15T09:47:03+00:00","breadcrumb":{"@id":"https:\/\/adeona-avocats.com\/en\/legal-notices\/#breadcrumb"},"inLanguage":"en-US","potentialAction":[{"@type":"ReadAction","target":["https:\/\/adeona-avocats.com\/en\/legal-notices\/"]}]},{"@type":"BreadcrumbList","@id":"https:\/\/adeona-avocats.com\/en\/legal-notices\/#breadcrumb","itemListElement":[{"@type":"ListItem","position":1,"name":"Home","item":"https:\/\/adeona-avocats.com\/en\/"},{"@type":"ListItem","position":2,"name":"Legal notices"}]},{"@type":"WebSite","@id":"https:\/\/adeona-avocats.com\/#website","url":"https:\/\/adeona-avocats.com\/","name":"Adeona Avocat.e.s","description":"Un site utilisant WordPress","publisher":{"@id":"https:\/\/adeona-avocats.com\/#organization"},"potentialAction":[{"@type":"SearchAction","target":{"@type":"EntryPoint","urlTemplate":"https:\/\/adeona-avocats.com\/?s={search_term_string}"},"query-input":{"@type":"PropertyValueSpecification","valueRequired":true,"valueName":"search_term_string"}}],"inLanguage":"en-US"},{"@type":"Organization","@id":"https:\/\/adeona-avocats.com\/#organization","name":"Adeona Avocat.e.s","url":"https:\/\/adeona-avocats.com\/","logo":{"@type":"ImageObject","inLanguage":"en-US","@id":"https:\/\/adeona-avocats.com\/#\/schema\/logo\/image\/","url":"https:\/\/adeona-avocats.com\/wp-content\/uploads\/2022\/09\/adeona-avocat-e-s-logo.svg","contentUrl":"https:\/\/adeona-avocats.com\/wp-content\/uploads\/2022\/09\/adeona-avocat-e-s-logo.svg","width":1,"height":1,"caption":"Adeona Avocat.e.s"},"image":{"@id":"https:\/\/adeona-avocats.com\/#\/schema\/logo\/image\/"},"sameAs":["https:\/\/www.linkedin.com\/company\/adeona-avocats"]}]}},"_links":{"self":[{"href":"https:\/\/adeona-avocats.com\/en\/wp-json\/wp\/v2\/pages\/736","targetHints":{"allow":["GET"]}}],"collection":[{"href":"https:\/\/adeona-avocats.com\/en\/wp-json\/wp\/v2\/pages"}],"about":[{"href":"https:\/\/adeona-avocats.com\/en\/wp-json\/wp\/v2\/types\/page"}],"author":[{"embeddable":true,"href":"https:\/\/adeona-avocats.com\/en\/wp-json\/wp\/v2\/users\/1"}],"replies":[{"embeddable":true,"href":"https:\/\/adeona-avocats.com\/en\/wp-json\/wp\/v2\/comments?post=736"}],"version-history":[{"count":2,"href":"https:\/\/adeona-avocats.com\/en\/wp-json\/wp\/v2\/pages\/736\/revisions"}],"predecessor-version":[{"id":1280,"href":"https:\/\/adeona-avocats.com\/en\/wp-json\/wp\/v2\/pages\/736\/revisions\/1280"}],"wp:attachment":[{"href":"https:\/\/adeona-avocats.com\/en\/wp-json\/wp\/v2\/media?parent=736"}],"curies":[{"name":"wp","href":"https:\/\/api.w.org\/{rel}","templated":true}]}}